{"id":1893,"date":"2022-01-08T00:10:25","date_gmt":"2022-01-07T23:10:25","guid":{"rendered":"https:\/\/siteok.edicic.org\/pt\/?page_id=1893"},"modified":"2022-02-28T10:08:25","modified_gmt":"2022-02-28T13:08:25","slug":"encontros-edicic","status":"publish","type":"page","link":"https:\/\/siteok.edicic.org\/pt\/eventos\/encontros-edicic\/","title":{"rendered":"Encontros EDICIC"},"content":{"rendered":"<div class=\"fusion-fullwidth fullwidth-box fusion-builder-row-1 fusion-flex-container nonhundred-percent-fullwidth non-hundred-percent-height-scrolling\" style=\"background-color: rgba(255,255,255,0);background-position: center center;background-repeat: no-repeat;border-width: 0px 0px 0px 0px;border-color:#e7e4e2;border-style:solid;\" ><div class=\"fusion-builder-row fusion-row fusion-flex-align-items-flex-start\" style=\"max-width:1331.2px;margin-left: calc(-4% \/ 2 );margin-right: calc(-4% \/ 2 );\"><div class=\"fusion-layout-column fusion_builder_column fusion-builder-column-0 fusion_builder_column_2_3 2_3 fusion-flex-column\"><div class=\"fusion-column-wrapper fusion-flex-justify-content-flex-start fusion-content-layout-column\" style=\"background-position:left top;background-repeat:no-repeat;-webkit-background-size:cover;-moz-background-size:cover;-o-background-size:cover;background-size:cover;padding: 0px 0px 0px 0px;\"><style type=\"text\/css\">@media only screen and (max-width:1024px) {.fusion-title.fusion-title-1{margin-top:10px!important; margin-right:0px!important;margin-bottom:20px!important;margin-left:0px!important;}}@media only screen and (max-width:640px) {.fusion-title.fusion-title-1{margin-top:10px!important; margin-right:0px!important;margin-bottom:20px!important; margin-left:0px!important;}}<\/style><div class=\"fusion-title title fusion-title-1 fusion-sep-none fusion-title-text fusion-title-size-one\" style=\"margin-top:10px;margin-right:0px;margin-bottom:20px;margin-left:0px;\"><h1 class=\"title-heading-left fusion-responsive-typography-calculated\" style=\"margin:0;--fontSize:55;line-height:1.15;\">Encuentros EDICIC<\/h1><\/div><div class=\"fusion-separator fusion-full-width-sep\" style=\"align-self: center;margin-left: auto;margin-right: auto;width:100%;max-width:100%;\"><\/div><div class=\"fusion-text fusion-text-1\"><h3 class=\"\" style=\"--fontsize: 24; line-height: 1.4;\" data-fontsize=\"24\" data-lineheight=\"33.6px\"><strong><span class=\"palette-color2-2\">XII Encontro EDICIC 2021 &#8211; San Jose &#8211; Costa Rica<\/span><\/strong><\/h3>\n<p><span style=\"background-color: rgba(255, 255, 255, 0); color: var(--body_typography-color); font-family: var(--body_typography-font-family); font-size: var(--body_typography-font-size); font-style: var(--body_typography-font-style,normal); font-weight: var(--body_typography-font-weight); letter-spacing: var(--body_typography-letter-spacing);\">26 a 29 de outubro de 2021 &#8211; Universidad de Costa Rica (UCR) <\/span><\/p>\n<ul>\n<li><span class=\"palette-color2-2\"><a class=\" link\" href=\"https:\/\/bit.ly\/ebciyoutube\" target=\"_blank\" rel=\"noopener\">Canal YouTube do Encuentro<\/a><\/span><\/li>\n<li><a href=\"https:\/\/siteok.edicic.org\/wp-content\/uploads\/2022\/02\/Programa-EDICIC_2021.pdf\" target=\"_blank\" rel=\"noopener noreferrer\">Programa\u00e7\u00e3o<\/a><\/li>\n<li><span class=\"palette-color2-2\"><a class=\" link\" href=\"http:\/\/www.ebci.ucr.ac.cr\/edicic2020\/\" target=\"_blank\" rel=\"noopener\">Site do Encontro<\/a><\/span><\/li>\n<\/ul>\n<h3 class=\"\" style=\"--fontsize: 24; line-height: 1.4;\" data-fontsize=\"24\" data-lineheight=\"33.6px\">XI Encontro EDICIC &#8211; 2018 &#8211; Medell\u00edn &#8211; Colombia<\/h3>\n<p><span class=\"palette-color2-2\">16 a 19 de outubro de 2018 &#8211; Universidad de Antioquia (UdeA))<\/span><\/p>\n<ul>\n<li><a class=\" link\" href=\"http:\/\/enancib.marilia.unesp.br\/index.php\/EDICIC_2018\/EDICIC_2018\/schedConf\/presentations\" target=\"_blank\" rel=\"noopener\">Actas do XI EDICIC<\/a><\/li>\n<li><a class=\" link\" href=\"https:\/\/www.udea.edu.co\/wps\/portal\/udea\/web\/inicio\/institucional\/unidades-academicas\/escuelas\/interamericana-bibliotecologia\/encuentro\/contenido\/asmenulateral\/resultados-ponencias-edicic-2018\/!ut\/p\/z1\/3VRLd6IwGP0rdcESE0AQZscgrTr1PVph0xNCwMyBhELQnv76CXYex6nVenrcTDZJ4N77Qb6bC0KwBiFDW5oiQTlDmdwHofU4npm-pnvw_m4ys-DM7s3nxsQaWEsTPOwBtuPpmtuRgPnQg67luX53sdJWMwuEF_En_Vtb8juuYzgTbeFrF_LhN82E7syfjr9PvGlvqH-MD98ZLvwY_wQgPC2_AiEIMROF2ICg4KVAWR0TpEBUHe42PCe_15RVgooa73ukwJrRGMWkUhGWU04xqhoUqXBNsmZNmSAlykkpXzF0E5ObiEYZ5YJgnvG0hY0WiqXyM1UJkyQmSq6SmGKKFYi5ZMsKvNHMCasz1KjJuiWp6kygmFdqwZlkUlT9oqk61Ozm1wpMYxAQO0kgJrpqJImhdrQoVlE3cVRkdHTo6FB3EJJHGe5P67iZ7r2xdRLw6rZTgNvRG8ARvx12fDIwfDhzxubUuBvona7xr8IRx53r-RCEacaj1-vlssiwUxCWJCElKdt1KR9vhCiqLwpU4G63a6ecpxlpY563o1KBx1gbXgmwfgMGgbRn9117agZ42FKyA0vGy1x-z-LClvXhmQp9_ZMVzsibV5V34HXlr3s4TveT8sNz4SeNqJcjbySNWCCxUSlLOFj_CQywPggMsD4bGFKQ_nh6Cl2ZiY3KszT1_xaKRb5sRm4b1tyf-8lImJGZ5o-9r2M1GG5f_k5hML13Wz8BELFM2Q!!\/dz\/d5\/L2dBISEvZ0FBIS9nQSEh\/?urile=wcm%3Apath%3A%2FPortalUdeA%2FasPortalUdeA%2FasHomeUdeA%2FasInstitucional%2Funidades-academicas%2FasEscuelas%2FInteramericana%20de%20Bibliotecolog!c3!ada%2FXI-Encuentro-EDICIC%2FContenido%2FasMenuLateral%2Fresultados-ponencias-edicic-2018\" target=\"_blank\" rel=\"noopener\">Programa\u00e7\u00e3o<\/a><\/li>\n<li><a class=\" link\" href=\"https:\/\/www.udea.edu.co\/wps\/portal\/udea\/web\/inicio\/institucional\/unidades-academicas\/escuelas\/interamericana-bibliotecologia\/encuentro\/contenido\/asmenulateral\/presentacion\/!ut\/p\/z1\/1VRPk5owHP0q64EjJvwVeqPIrloV0eoKl50AEdOBhIWgO_30De60HbuurrPjobkkgffeL-T3eCACaxBRtCMZ4oRRlIt9GJlP08DwFNWF4wc_MGFg9edzzTeH5tIAjweAZbuq4ugCMB-50DFdx-stVsoqMEF0Fd8f3FuCrzu2ZvvKwlOu5MNvigGdwJtNv_vurD9SP8aH7wwHfox_BhCdl1-BCEQJ5SXfgrBkFUd5k2IkQVQf77aswL_XhNac8CY59EiCDSUpSnEto0RMBUlQ3aJwnTQ4b9eEclyhAlfiFUV3Kb6LSZwTxnHCcpZ1Eq2DUqH8QmRMBYnyisk4JQlJJJgwwRYVWKtZYNrkqFUTdcsK1wKL2nO0n1EmJAWhYmHUM5EiBFQk6yjdyJaOYjnepIqCYsvUYXtt0eFmThtn7E7Ns4BXZ50D3E_eAE5467i7_lDzYGBPjZn2MFT1nvavwgl3XervCERZzuLXX8mhsWZlIKrwBle46jaVeLzlvKy_SFCC-_2-mzGW5bibsKIbVxI8xdqymoP1GzAIhRV771pR0cDjjuA9WFJWFeI8iytbNoAXKgzUT1a4IG_cVN6Gt5W_7eXYvU_Kjy4FnTCiWk3ciTBiifhWJnTDwPpPOID1UTiA9VE4CDL58fwcOSLrWsaLMPD_HHZlsWxHYWnm3Jt7mwk3YiMrnvpfp3I42v38O0XhbOx0fgFBuuyV\/dz\/d5\/L2dBISEvZ0FBIS9nQSEh\/?urile=wcm%3Apath%3A%2FPortalUdeA%2FasPortalUdeA%2FasHomeUdeA%2FasInstitucional%2Funidades-academicas%2FasEscuelas%2FInteramericana%20de%20Bibliotecolog!c3!ada%2FXI-Encuentro-EDICIC%2FContenido%2FasMenuLateral%2FPresentacion\" target=\"_blank\" rel=\"noopener\">Site do Encontro <\/a><\/li>\n<\/ul>\n<h3 class=\"\" style=\"--fontsize: 24; line-height: 1.4;\" data-fontsize=\"24\" data-lineheight=\"33.6px\">X Encontro EDICIC &#8211; 2016 &#8211; Belo Horizonte\/MG &#8211; Brasil<\/h3>\n<p><span class=\"palette-color2-2\">21 a 23 de setembro de 2016 &#8211; Universidade Federal de Minas Gerais (UFMG)<\/span><\/p>\n<ul>\n<li><a class=\" link\" href=\"https:\/\/edicic2016.eci.ufmg.br\/anais\/index.html\" target=\"_blank\" rel=\"noopener\">Actas del X EDICIC<\/a><\/li>\n<li><a class=\" link\" href=\"https:\/\/edicic2016.eci.ufmg.br\/wp-content\/uploads\/2016\/09\/EDICIC-2016-PROGRAMA%C3%87%C3%83O-GERAL.pdf\" target=\"_blank\" rel=\"noopener\">Programa\u00e7\u00e3o<\/a><\/li>\n<li><a class=\" link\" href=\"https:\/\/edicic2016.eci.ufmg.br\/\" target=\"_blank\" rel=\"noopener\">Sitio Web del Encuentro<\/a><\/li>\n<\/ul>\n<h3 class=\"\" style=\"--fontsize: 24; line-height: 1.4;\" data-fontsize=\"24\" data-lineheight=\"33.6px\">IX EDICIC &#8211; 2011 &#8211; Mar\u00edlia\/SP &#8211; Brasil<\/h3>\n<p>30 de mayo al 01 de junio de 2011 &#8211; Universidade Estadual Paulista (Unesp)<\/p>\n<ul>\n<li><a href=\"https:\/\/siteok.edicic.org\/2022\/02\/09\/ix-edicic-2011\/\"><span class=\"palette-color2-1\">I<\/span>nformaciones<\/a><\/li>\n<li><a href=\"https:\/\/siteok.edicic.org\/wp-content\/uploads\/2022\/02\/IX_EDICIC_Programa_Oficial.pdf\" target=\"_blank\" rel=\"noopener noreferrer\">Programaci\u00f3n<\/a><\/li>\n<li>Nota: Los trabajos presentados fueran publicados en los 4 n\u00fameros de la Revista EDICIC de 2011.<\/li>\n<\/ul>\n<h3 class=\"\" style=\"--fontsize: 24; line-height: 1.4;\" data-fontsize=\"24\" data-lineheight=\"33.6px\">VIII EDIBCIC &#8211; 2008 &#8211; Ciudad M\u00e9xico &#8211; M\u00e9xico<\/h3>\n<p>12 al 14 de noviembre de 2008 &#8211; Universidad Nacional Aut\u00f3noma de M\u00e9xico (UNAM)<\/p>\n<ul>\n<li><a class=\" link\" href=\"https:\/\/siteok.edicic.org\/wp-content\/uploads\/2022\/02\/Actas_VIII_EDIBCIC_1.pdf\" target=\"_blank\" rel=\"noopener\">Actas del VIII EDIBCIC<\/a><\/li>\n<li><a href=\"https:\/\/siteok.edicic.org\/2022\/02\/09\/viii-edibcic-2008\/\" target=\"_blank\" rel=\"noopener noreferrer\">Informaciones<\/a><\/li>\n<\/ul>\n<h3 class=\"\" style=\"--fontsize: 24; line-height: 1.4;\" data-fontsize=\"24\" data-lineheight=\"33.6px\"><strong>VII EDIBCIC &#8211; 2006 &#8211; Mar\u00edlia\/SP &#8211; Brasil <\/strong><\/h3>\n<p>22 al 24 de noviembre de 2006 &#8211; Universidade Estadual Paulista (Unesp)<\/p>\n<ul>\n<li><a class=\" link\" href=\"https:\/\/siteok.edicic.org\/wp-content\/uploads\/2022\/02\/Actas_VII_EDIBCIC.pdf\" target=\"_blank\" rel=\"noopener\">Actas del VII EDIBCIC<\/a><\/li>\n<li><a href=\"https:\/\/siteok.edicic.org\/2022\/02\/09\/vii-edibcic-2006\/\" target=\"_blank\" rel=\"noopener noreferrer\">Informaciones<\/a><\/li>\n<\/ul>\n<h3 class=\"\" style=\"--fontsize: 24; line-height: 1.4;\" data-fontsize=\"24\" data-lineheight=\"33.6px\"><strong><br \/>\n<\/strong>VI EDIBCIC &#8211; 2004 &#8211; Mar del Plata &#8211; Argentina<\/h3>\n<p>2 y 3 de septiembre de 2004 &#8211; Universidad Nacional de Mar Del Plata (UMdP)<\/p>\n<ul>\n<li>(<a class=\" link\" href=\"https:\/\/siteok.edicic.org\/wp-content\/uploads\/2022\/02\/VI_Encuentro_Agenda.pdf\" target=\"_blank\" rel=\"noopener\">Archivo<\/a>)<\/li>\n<\/ul>\n<h3 class=\"\" style=\"--fontsize: 24; line-height: 1.4;\" data-fontsize=\"24\" data-lineheight=\"33.6px\">Reuni\u00f3n EDIBCIC &#8211; 2003 &#8211; Heredia &#8211; Costa Rica<\/h3>\n<p>18 de junio de 2003 &#8211; Universidad Nacional de Costa Rica (UNA)<\/p>\n<ul>\n<li>(<a class=\" link\" href=\"https:\/\/siteok.edicic.org\/wp-content\/uploads\/2022\/02\/Reunion_EDIBCIC_Heredia.pdf\" target=\"_blank\" rel=\"noopener\">Archivo<\/a>)<\/li>\n<\/ul>\n<h3 class=\"\" style=\"--fontsize: 24; line-height: 1.4;\" data-fontsize=\"24\" data-lineheight=\"33.6px\">Reuni\u00f3n EDIBCIC &#8211; 2002 &#8211; La Habana &#8211; Cuba<\/h3>\n<p>10 y 11 de diciembre de 2002 &#8211; Universidad de La Habana (UH)<\/p>\n<ul>\n<li>(<a class=\" link\" href=\"https:\/\/siteok.edicic.org\/wp-content\/uploads\/2022\/02\/Reunion_EDIBCIC_Cuba.pdf\" target=\"_blank\" rel=\"noopener\">Archivo<\/a>)<\/li>\n<\/ul>\n<h3 class=\"\" style=\"--fontsize: 24; line-height: 1.4;\" data-fontsize=\"24\" data-lineheight=\"33.6px\">V EDIBCIC &#8211; 2000 &#8211; Granada &#8211; Espa\u00f1a<\/h3>\n<p>21 al 25 de febrero de 2000 &#8211; Universidad de Granada (UGR)<\/p>\n<ul>\n<li>(<a class=\" link\" href=\"https:\/\/siteok.edicic.org\/wp-content\/uploads\/2022\/02\/VEncuentroEDIBCIC.pdf\" target=\"_blank\" rel=\"noopener\">Archivo<\/a>)<\/li>\n<\/ul>\n<h3 class=\"\" style=\"--fontsize: 24; line-height: 1.4;\" data-fontsize=\"24\" data-lineheight=\"33.6px\">IV EDIBCIC &#8211; 1998 &#8211; Maracaibo &#8211; Venezuela<\/h3>\n<p>20 al 24 de abril de 1998 &#8211; Universidad de Zulia (LUZ)<\/p>\n<ul>\n<li>(<a class=\" link\" href=\"https:\/\/siteok.edicic.org\/wp-content\/uploads\/2022\/02\/IVEncuentroEDIBCIC.pdf\" target=\"_blank\" rel=\"noopener\">Archivo<\/a>)<\/li>\n<\/ul>\n<h3 class=\"\" style=\"--fontsize: 24; line-height: 1.4;\" data-fontsize=\"24\" data-lineheight=\"33.6px\">III EDIBCIC &#8211; 1996 &#8211; San Juan &#8211; Puerto Rico<\/h3>\n<p>11 al 17 de agosto de 1996 &#8211; Universidad de Puerto Rico (UPR)<\/p>\n<h3 class=\"\" style=\"--fontsize: 24; line-height: 1.4;\" data-fontsize=\"24\" data-lineheight=\"33.6px\">II EDIBCIC &#8211; 1995 &#8211; M\u00e9xico D.F. &#8211; M\u00e9xico<\/h3>\n<p>19 al 23 de junio de 1995 &#8211; Universidad Nacional Aut\u00f3noma de M\u00e9xico (UNAM)<\/p>\n<ul>\n<li>(<a class=\" link\" href=\"https:\/\/siteok.edicic.org\/wp-content\/uploads\/2022\/02\/IIEncuentroEDIBCIC.pdf\" target=\"_blank\" rel=\"noopener\">Archivo<\/a>)<\/li>\n<\/ul>\n<h3 class=\"\" style=\"--fontsize: 24; line-height: 1.4;\" data-fontsize=\"24\" data-lineheight=\"33.6px\">I EDIBCIC &#8211; 1993 &#8211; San Juan &#8211; Puerto Rico<\/h3>\n<p>14 al 15 de noviembre de 1993 &#8211; Universidad de Puerto Rico (UPR)<\/p>\n<\/div><div class=\"fusion-separator fusion-full-width-sep\" style=\"align-self: center;margin-left: auto;margin-right: auto;width:100%;\"><\/div><div class=\"fusion-separator fusion-full-width-sep\" style=\"align-self: center;margin-left: auto;margin-right: auto;width:100%;\"><\/div><div class=\"fusion-separator fusion-full-width-sep\" style=\"align-self: center;margin-left: auto;margin-right: auto;width:100%;\"><\/div><\/div><style type=\"text\/css\">.fusion-body .fusion-builder-column-0{width:66.666666666667% !important;margin-top : 10px;margin-bottom : 10px;}.fusion-builder-column-0 > .fusion-column-wrapper {padding-top : 0px !important;padding-right : 0px !important;margin-right : 2.88%;padding-bottom : 0px !important;padding-left : 0px !important;margin-left : 2.88%;}@media only screen and (max-width:1024px) {.fusion-body .fusion-builder-column-0{width:100% !important;order : 0;}.fusion-builder-column-0 > .fusion-column-wrapper {margin-right : 1.92%;margin-left : 1.92%;}}@media only screen and (max-width:640px) {.fusion-body .fusion-builder-column-0{width:100% !important;order : 0;}.fusion-builder-column-0 > .fusion-column-wrapper {margin-right : 1.92%;margin-left : 1.92%;}}<\/style><\/div><div class=\"fusion-layout-column fusion_builder_column fusion-builder-column-1 fusion_builder_column_1_3 1_3 fusion-flex-column\"><div class=\"fusion-column-wrapper fusion-flex-justify-content-flex-start fusion-content-layout-column\" style=\"background-position:left top;background-repeat:no-repeat;-webkit-background-size:cover;-moz-background-size:cover;-o-background-size:cover;background-size:cover;padding: 0px 0px 0px 0px;\"><div class=\"fusion-widget-area fusion-widget-area-1 fusion-content-widget-area\"><style type=\"text\/css\">.fusion-widget-area-1 {padding:0px 0px 0px 0px;}.fusion-widget-area-1 .widget h4 {color:#333c4e;}.fusion-widget-area-1 .widget .heading h4 {color:#333c4e;}.fusion-widget-area-1 .widget h4 {font-size:18px;}.fusion-widget-area-1 .widget .heading h4 {font-size:18px;}<\/style><section id=\"search-2\" class=\"widget widget_search\">\t\t<form role=\"search\" class=\"searchform fusion-search-form  fusion-search-form-classic\" method=\"get\" action=\"https:\/\/siteok.edicic.org\/pt\/\">\n\t\t\t<div class=\"fusion-search-form-content\">\n\n\t\t\t\t\n\t\t\t\t<div class=\"fusion-search-field search-field\">\n\t\t\t\t\t<label><span class=\"screen-reader-text\">Buscar resultados para:<\/span>\n\t\t\t\t\t\t\t\t\t\t\t\t\t<input type=\"search\" value=\"\" name=\"s\" class=\"s\" placeholder=\"Pesquisar...\" required aria-required=\"true\" aria-label=\"Pesquisar...\"\/>\n\t\t\t\t\t\t\t\t\t\t\t<\/label>\n\t\t\t\t<\/div>\n\t\t\t\t<div class=\"fusion-search-button search-button\">\n\t\t\t\t\t<input type=\"submit\" class=\"fusion-search-submit searchsubmit\" aria-label=\"Pesquisar\" value=\"&#xf002;\" \/>\n\t\t\t\t\t\t\t\t\t<\/div>\n\n\t\t\t\t\n\t\t\t<\/div>\n\n\n\t\t\t\n\t\t<\/form>\n\t\t<\/section><section id=\"pyre_tabs-widget-2\" class=\"widget fusion-tabs-widget\">\t\t<div class=\"fusion-tabs-widget-wrapper fusion-tabs-widget-3 fusion-tabs-classic fusion-tabs-image-default tab-holder\">\n\t\t\t<nav class=\"fusion-tabs-nav\">\n\t\t\t\t<ul class=\"tabset tabs\">\n\n\t\t\t\t\t\t\t\t\t\t\t<li class=\"active\"><a href=\"#\" data-link=\"fusion-tab-popular\">Popular<\/a><\/li>\n\t\t\t\t\t\n\t\t\t\t\t\t\t\t\t\t\t<li><a href=\"#\" data-link=\"fusion-tab-recent\">Recent<\/a><\/li>\n\t\t\t\t\t\n\t\t\t\t\t\t\t\t\t\t\t<li><a href=\"#\" data-link=\"fusion-tab-comments\"><span class=\"awb-icon-bubbles\"><\/span><span class=\"screen-reader-text\">Comments<\/span><\/a><\/li>\n\t\t\t\t\t\n\t\t\t\t<\/ul>\n\t\t\t<\/nav>\n\n\t\t\t<div class=\"fusion-tabs-widget-content tab-box tabs-container\">\n\n\t\t\t\t\n\t\t\t\t\t<div class=\"fusion-tab-popular fusion-tab-content tab tab_content\" data-name=\"fusion-tab-popular\">\n\t\t\t\t\t\t\n\t\t\t\t\t\t<ul class=\"fusion-tabs-widget-items news-list\">\n\t\t\t\t\t\t\t\t\t\t\t\t\t\t\t\t\t\t\t\t\t\t\t\t\t\t\t\t\t\t\t\t\t<li>\n\t\t\t\t\t\t\t\t\t\t\t\t\t\t\t\t\t\t\t\t\t<div class=\"image\">\n\t\t\t\t\t\t\t\t\t\t\t\t<a href=\"https:\/\/siteok.edicic.org\/pt\/2021\/12\/11\/ola-mundo\/\" aria-label=\"Nova Diretoria foi eleita para a gest\u00e3o 2021-2023\"><img decoding=\"async\" width=\"66\" height=\"66\" src=\"https:\/\/siteok.edicic.org\/pt\/wp-content\/uploads\/2021\/12\/luisa-brimble-VfHoMBagDPc-unsplash-66x66.jpg\" class=\"attachment-recent-works-thumbnail size-recent-works-thumbnail lazyload wp-post-image\" alt=\"\" srcset=\"data:image\/svg+xml,%3Csvg%20xmlns%3D%27http%3A%2F%2Fwww.w3.org%2F2000%2Fsvg%27%20width%3D%272560%27%20height%3D%271707%27%20viewBox%3D%270%200%202560%201707%27%3E%3Crect%20width%3D%272560%27%20height%3D%271707%27%20fill-opacity%3D%220%22%2F%3E%3C%2Fsvg%3E\" data-orig-src=\"https:\/\/siteok.edicic.org\/pt\/wp-content\/uploads\/2021\/12\/luisa-brimble-VfHoMBagDPc-unsplash-66x66.jpg\" data-srcset=\"https:\/\/siteok.edicic.org\/pt\/wp-content\/uploads\/2021\/12\/luisa-brimble-VfHoMBagDPc-unsplash-66x66.jpg 66w, https:\/\/siteok.edicic.org\/pt\/wp-content\/uploads\/2021\/12\/luisa-brimble-VfHoMBagDPc-unsplash-150x150.jpg 150w\" data-sizes=\"auto\" \/><\/a>\n\t\t\t\t\t\t\t\t\t\t\t<\/div>\n\t\t\t\t\t\t\t\t\t\t\n\t\t\t\t\t\t\t\t\t\t<div class=\"post-holder\">\n\t\t\t\t\t\t\t\t\t\t\t<a href=\"https:\/\/siteok.edicic.org\/pt\/2021\/12\/11\/ola-mundo\/\">Nova Diretoria foi eleita para a gest\u00e3o 2021-2023<\/a>\n\t\t\t\t\t\t\t\t\t\t\t<div class=\"fusion-meta\">\n\t\t\t\t\t\t\t\t\t\t\t\tdezembro 11th, 2021\t\t\t\t\t\t\t\t\t\t\t<\/div>\n\t\t\t\t\t\t\t\t\t\t<\/div>\n\t\t\t\t\t\t\t\t\t<\/li>\n\t\t\t\t\t\t\t\t\t\t\t\t\t\t\t\t\t\t\t\t\t\t\t\t\t\t<li>\n\t\t\t\t\t\t\t\t\t\t\n\t\t\t\t\t\t\t\t\t\t<div class=\"post-holder\">\n\t\t\t\t\t\t\t\t\t\t\t<a href=\"https:\/\/siteok.edicic.org\/pt\/2020\/02\/09\/vii-edibcic-2006\/\">VII EDIBCIC \/ 2006<\/a>\n\t\t\t\t\t\t\t\t\t\t\t<div class=\"fusion-meta\">\n\t\t\t\t\t\t\t\t\t\t\t\tfevereiro 9th, 2020\t\t\t\t\t\t\t\t\t\t\t<\/div>\n\t\t\t\t\t\t\t\t\t\t<\/div>\n\t\t\t\t\t\t\t\t\t<\/li>\n\t\t\t\t\t\t\t\t\t\t\t\t\t\t\t\t\t\t\t\t\t\t\t\t\t\t<li>\n\t\t\t\t\t\t\t\t\t\t\n\t\t\t\t\t\t\t\t\t\t<div class=\"post-holder\">\n\t\t\t\t\t\t\t\t\t\t\t<a href=\"https:\/\/siteok.edicic.org\/pt\/2020\/02\/09\/viii-edibcic-2008\/\">VIII EDIBCIC \/ 2008<\/a>\n\t\t\t\t\t\t\t\t\t\t\t<div class=\"fusion-meta\">\n\t\t\t\t\t\t\t\t\t\t\t\tfevereiro 9th, 2020\t\t\t\t\t\t\t\t\t\t\t<\/div>\n\t\t\t\t\t\t\t\t\t\t<\/div>\n\t\t\t\t\t\t\t\t\t<\/li>\n\t\t\t\t\t\t\t\t\n\t\t\t\t\t\t\t\t\t\t\t\t\t\t\t\t\t\t\t\t\t<\/ul>\n\t\t\t\t\t<\/div>\n\n\t\t\t\t\n\t\t\t\t\n\t\t\t\t\t<div class=\"fusion-tab-recent fusion-tab-content tab tab_content\" data-name=\"fusion-tab-recent\" style=\"display: none;\">\n\n\t\t\t\t\t\t\n\t\t\t\t\t\t<ul class=\"fusion-tabs-widget-items news-list\">\n\t\t\t\t\t\t\t\t\t\t\t\t\t\t\t\t\t\t\t\t\t\t\t\t\t\t\t\t\t\t\t\t\t<li>\n\t\t\t\t\t\t\t\t\t\t\t\t\t\t\t\t\t\t\t\t\t<div class=\"image\">\n\t\t\t\t\t\t\t\t\t\t\t\t<a href=\"https:\/\/siteok.edicic.org\/pt\/2022\/02\/13\/conferencia-elsa-barber\/\" aria-label=\"Confer\u00eancia \u2013 Elsa Barber\"><img decoding=\"async\" width=\"66\" height=\"66\" src=\"https:\/\/siteok.edicic.org\/pt\/wp-content\/uploads\/2022\/02\/Palestra_EDICIC_Abril_2022-66x66.png\" class=\"attachment-recent-works-thumbnail size-recent-works-thumbnail lazyload wp-post-image\" alt=\"\" srcset=\"data:image\/svg+xml,%3Csvg%20xmlns%3D%27http%3A%2F%2Fwww.w3.org%2F2000%2Fsvg%27%20width%3D%271080%27%20height%3D%271080%27%20viewBox%3D%270%200%201080%201080%27%3E%3Crect%20width%3D%271080%27%20height%3D%271080%27%20fill-opacity%3D%220%22%2F%3E%3C%2Fsvg%3E\" data-orig-src=\"https:\/\/siteok.edicic.org\/pt\/wp-content\/uploads\/2022\/02\/Palestra_EDICIC_Abril_2022-66x66.png\" data-srcset=\"https:\/\/siteok.edicic.org\/pt\/wp-content\/uploads\/2022\/02\/Palestra_EDICIC_Abril_2022-66x66.png 66w, https:\/\/siteok.edicic.org\/pt\/wp-content\/uploads\/2022\/02\/Palestra_EDICIC_Abril_2022-150x150.png 150w, https:\/\/siteok.edicic.org\/pt\/wp-content\/uploads\/2022\/02\/Palestra_EDICIC_Abril_2022-200x200.png 200w, https:\/\/siteok.edicic.org\/pt\/wp-content\/uploads\/2022\/02\/Palestra_EDICIC_Abril_2022-300x300.png 300w, https:\/\/siteok.edicic.org\/pt\/wp-content\/uploads\/2022\/02\/Palestra_EDICIC_Abril_2022-400x400.png 400w, https:\/\/siteok.edicic.org\/pt\/wp-content\/uploads\/2022\/02\/Palestra_EDICIC_Abril_2022-600x600.png 600w, https:\/\/siteok.edicic.org\/pt\/wp-content\/uploads\/2022\/02\/Palestra_EDICIC_Abril_2022-768x768.png 768w, https:\/\/siteok.edicic.org\/pt\/wp-content\/uploads\/2022\/02\/Palestra_EDICIC_Abril_2022-800x800.png 800w, https:\/\/siteok.edicic.org\/pt\/wp-content\/uploads\/2022\/02\/Palestra_EDICIC_Abril_2022-1024x1024.png 1024w, https:\/\/siteok.edicic.org\/pt\/wp-content\/uploads\/2022\/02\/Palestra_EDICIC_Abril_2022.png 1080w\" data-sizes=\"auto\" \/><\/a>\n\t\t\t\t\t\t\t\t\t\t\t<\/div>\n\t\t\t\t\t\t\t\t\t\t\t\t\t\t\t\t\t\t\t\t<div class=\"post-holder\">\n\t\t\t\t\t\t\t\t\t\t\t<a href=\"https:\/\/siteok.edicic.org\/pt\/2022\/02\/13\/conferencia-elsa-barber\/\">Confer\u00eancia \u2013 Elsa Barber<\/a>\n\t\t\t\t\t\t\t\t\t\t\t<div class=\"fusion-meta\">\n\t\t\t\t\t\t\t\t\t\t\t\tfevereiro 13th, 2022\t\t\t\t\t\t\t\t\t\t\t<\/div>\n\t\t\t\t\t\t\t\t\t\t<\/div>\n\t\t\t\t\t\t\t\t\t<\/li>\n\t\t\t\t\t\t\t\t\t\t\t\t\t\t\t\t\t\t\t\t\t\t\t\t\t\t<li>\n\t\t\t\t\t\t\t\t\t\t\t\t\t\t\t\t\t\t\t\t\t<div class=\"image\">\n\t\t\t\t\t\t\t\t\t\t\t\t<a href=\"https:\/\/siteok.edicic.org\/pt\/2022\/01\/30\/llamada-no-01-2022\/\" aria-label=\"Chamada n\u00ba 01\/2022\"><img decoding=\"async\" width=\"66\" height=\"66\" src=\"https:\/\/siteok.edicic.org\/pt\/wp-content\/uploads\/2022\/01\/Screen-Shot-2022-01-30-at-13.02.13-66x66.png\" class=\"attachment-recent-works-thumbnail size-recent-works-thumbnail lazyload wp-post-image\" alt=\"\" srcset=\"data:image\/svg+xml,%3Csvg%20xmlns%3D%27http%3A%2F%2Fwww.w3.org%2F2000%2Fsvg%27%20width%3D%27940%27%20height%3D%27563%27%20viewBox%3D%270%200%20940%20563%27%3E%3Crect%20width%3D%27940%27%20height%3D%27563%27%20fill-opacity%3D%220%22%2F%3E%3C%2Fsvg%3E\" data-orig-src=\"https:\/\/siteok.edicic.org\/pt\/wp-content\/uploads\/2022\/01\/Screen-Shot-2022-01-30-at-13.02.13-66x66.png\" data-srcset=\"https:\/\/siteok.edicic.org\/pt\/wp-content\/uploads\/2022\/01\/Screen-Shot-2022-01-30-at-13.02.13-66x66.png 66w, https:\/\/siteok.edicic.org\/pt\/wp-content\/uploads\/2022\/01\/Screen-Shot-2022-01-30-at-13.02.13-150x150.png 150w\" data-sizes=\"auto\" \/><\/a>\n\t\t\t\t\t\t\t\t\t\t\t<\/div>\n\t\t\t\t\t\t\t\t\t\t\t\t\t\t\t\t\t\t\t\t<div class=\"post-holder\">\n\t\t\t\t\t\t\t\t\t\t\t<a href=\"https:\/\/siteok.edicic.org\/pt\/2022\/01\/30\/llamada-no-01-2022\/\">Chamada n\u00ba 01\/2022<\/a>\n\t\t\t\t\t\t\t\t\t\t\t<div class=\"fusion-meta\">\n\t\t\t\t\t\t\t\t\t\t\t\tjaneiro 30th, 2022\t\t\t\t\t\t\t\t\t\t\t<\/div>\n\t\t\t\t\t\t\t\t\t\t<\/div>\n\t\t\t\t\t\t\t\t\t<\/li>\n\t\t\t\t\t\t\t\t\t\t\t\t\t\t\t\t\t\t\t\t\t\t\t\t\t\t<li>\n\t\t\t\t\t\t\t\t\t\t\t\t\t\t\t\t\t\t\t\t\t<div class=\"image\">\n\t\t\t\t\t\t\t\t\t\t\t\t<a href=\"https:\/\/siteok.edicic.org\/pt\/2021\/12\/16\/conferencia\/\" aria-label=\"Confer\u00eancia &#8211; Brenda Cabral Vargas\"><img decoding=\"async\" width=\"66\" height=\"66\" src=\"https:\/\/siteok.edicic.org\/pt\/wp-content\/uploads\/2021\/12\/Palestra_EDICIC_Janeiro_2023-66x66.png\" class=\"attachment-recent-works-thumbnail size-recent-works-thumbnail lazyload wp-post-image\" alt=\"Conferencia\" srcset=\"data:image\/svg+xml,%3Csvg%20xmlns%3D%27http%3A%2F%2Fwww.w3.org%2F2000%2Fsvg%27%20width%3D%271080%27%20height%3D%271080%27%20viewBox%3D%270%200%201080%201080%27%3E%3Crect%20width%3D%271080%27%20height%3D%271080%27%20fill-opacity%3D%220%22%2F%3E%3C%2Fsvg%3E\" data-orig-src=\"https:\/\/siteok.edicic.org\/pt\/wp-content\/uploads\/2021\/12\/Palestra_EDICIC_Janeiro_2023-66x66.png\" data-srcset=\"https:\/\/siteok.edicic.org\/pt\/wp-content\/uploads\/2021\/12\/Palestra_EDICIC_Janeiro_2023-66x66.png 66w, https:\/\/siteok.edicic.org\/pt\/wp-content\/uploads\/2021\/12\/Palestra_EDICIC_Janeiro_2023-150x150.png 150w, https:\/\/siteok.edicic.org\/pt\/wp-content\/uploads\/2021\/12\/Palestra_EDICIC_Janeiro_2023-200x200.png 200w, https:\/\/siteok.edicic.org\/pt\/wp-content\/uploads\/2021\/12\/Palestra_EDICIC_Janeiro_2023-300x300.png 300w, https:\/\/siteok.edicic.org\/pt\/wp-content\/uploads\/2021\/12\/Palestra_EDICIC_Janeiro_2023-400x400.png 400w, https:\/\/siteok.edicic.org\/pt\/wp-content\/uploads\/2021\/12\/Palestra_EDICIC_Janeiro_2023-600x600.png 600w, https:\/\/siteok.edicic.org\/pt\/wp-content\/uploads\/2021\/12\/Palestra_EDICIC_Janeiro_2023-768x768.png 768w, https:\/\/siteok.edicic.org\/pt\/wp-content\/uploads\/2021\/12\/Palestra_EDICIC_Janeiro_2023-800x800.png 800w, https:\/\/siteok.edicic.org\/pt\/wp-content\/uploads\/2021\/12\/Palestra_EDICIC_Janeiro_2023-1024x1024.png 1024w, https:\/\/siteok.edicic.org\/pt\/wp-content\/uploads\/2021\/12\/Palestra_EDICIC_Janeiro_2023.png 1080w\" data-sizes=\"auto\" \/><\/a>\n\t\t\t\t\t\t\t\t\t\t\t<\/div>\n\t\t\t\t\t\t\t\t\t\t\t\t\t\t\t\t\t\t\t\t<div class=\"post-holder\">\n\t\t\t\t\t\t\t\t\t\t\t<a href=\"https:\/\/siteok.edicic.org\/pt\/2021\/12\/16\/conferencia\/\">Confer\u00eancia &#8211; Brenda Cabral Vargas<\/a>\n\t\t\t\t\t\t\t\t\t\t\t<div class=\"fusion-meta\">\n\t\t\t\t\t\t\t\t\t\t\t\tdezembro 16th, 2021\t\t\t\t\t\t\t\t\t\t\t<\/div>\n\t\t\t\t\t\t\t\t\t\t<\/div>\n\t\t\t\t\t\t\t\t\t<\/li>\n\t\t\t\t\t\t\t\t\t\t\t\t\t\t\t\t\t\t\t\t\t\t\t\t\t\t\t\t\t<\/ul>\n\t\t\t\t\t<\/div>\n\t\t\t\t\n\t\t\t\t\n\t\t\t\t\t<div class=\"fusion-tab-comments tab fusion-tab-content tab_content\" data-name=\"fusion-tab-comments\" style=\"display: none;\">\n\t\t\t\t\t\t<ul class=\"fusion-tabs-widget-items news-list\">\n\t\t\t\t\t\t\t\n\t\t\t\t\t\t\t\t\t\t\t\t\t\t\t\t\t\t\t\t\t\t\t\t<li>\n\t\t\t\t\t\t\t\t\t\t<div class=\"image\">\n\t\t\t\t\t\t\t\t\t\t\t<a><img alt='' src='https:\/\/secure.gravatar.com\/avatar\/8e1606e6fba450a9362af43874c1b2dfad34c782e33d0a51e1b46c18a2a567dd?s=52&#038;d=mm&#038;r=g' srcset='https:\/\/secure.gravatar.com\/avatar\/8e1606e6fba450a9362af43874c1b2dfad34c782e33d0a51e1b46c18a2a567dd?s=104&#038;d=mm&#038;r=g 2x' class='avatar avatar-52 photo' height='52' width='52' \/><\/a>\n\t\t\t\t\t\t\t\t\t\t<\/div>\n\t\t\t\t\t\t\t\t\t\t<div class=\"post-holder\">\n\t\t\t\t\t\t\t\t\t\t\t\t\t\t\t\t\t\t\t\t\t\t<p>Um comentador do WordPress says:<\/p>\n\t\t\t\t\t\t\t\t\t\t\t<div class=\"fusion-meta\">\n\t\t\t\t\t\t\t\t\t\t\t\t\t\t\t\t\t\t\t\t\t\t\t\t<a class=\"comment-text-side\" href=\"https:\/\/siteok.edicic.org\/pt\/2021\/12\/11\/ola-mundo\/#comment-1\" title=\"Um comentador do WordPress on Nova Diretoria foi eleita para a gest\u00e3o 2021-2023\">Ol\u00e1, isto \u00e9 um coment\u00e1rio. Para iniciar a moderar, editar e eliminar&hellip;<\/a>\n\t\t\t\t\t\t\t\t\t\t\t<\/div>\n\t\t\t\t\t\t\t\t\t\t<\/div>\n\t\t\t\t\t\t\t\t\t<\/li>\n\t\t\t\t\t\t\t\t\t\t\t\t\t\t\t\t\t\t\t\t\t<\/ul>\n\t\t\t\t\t<\/div>\n\n\t\t\t\t\t\t\t<\/div>\n\t\t<\/div>\n\t\t<\/section><style type=\"text\/css\" data-id=\"tweets-widget-2\">#tweets-widget-2 li { border-color:rgba(255,255,255,0);}<\/style><section id=\"tweets-widget-2\" class=\"widget tweets\" style=\"border-style: solid;border-color: rgba(255,255,255,0);border-color:transparent;border-width:0px;\"><div class=\"heading\"><h4 class=\"widget-title\">Recent Tweets<\/h4><\/div>\t\t\t\t\n\t\t<div style=\"overflow:hidden\">\n\t\t\t\t\t\t\t\t\t\t\t<a class=\"twitter-timeline\" data-dnt=\"true\" href=\"https:\/\/twitter.com\/EDICIC_OFICIAL\" data-tweet-limit=\"3\" data-width=\"\" data-height=\"\" width=\"\" height=\"\" data-theme=\"light\" data-link-color=\"#ef9a3d\" data-border-color=\"rgba(255,255,255,0)\" data-chrome=\"noheader nofooter noborders\">Tweets by EDICIC_OFICIAL<\/a>\n\t\t\t\t\t\t\t\n\t\t\t\t\t\t\t\t\t\t\t<script async src=\"\/\/platform.twitter.com\/widgets.js\" charset=\"utf-8\"><\/script>\n\t\t\t\t\t\t\t\n\t\t<\/div>\n\t\t<\/section><div class=\"fusion-additional-widget-content\"><\/div><\/div><\/div><style type=\"text\/css\">.fusion-body .fusion-builder-column-1{width:33.333333333333% !important;margin-top : 10px;margin-bottom : 10px;}.fusion-builder-column-1 > .fusion-column-wrapper {padding-top : 0px !important;padding-right : 0px !important;margin-right : 5.76%;padding-bottom : 0px !important;padding-left : 0px !important;margin-left : 5.76%;}@media only screen and (max-width:1024px) {.fusion-body .fusion-builder-column-1{width:100% !important;order : 0;}.fusion-builder-column-1 > .fusion-column-wrapper {margin-right : 1.92%;margin-left : 1.92%;}}@media only screen and (max-width:640px) {.fusion-body .fusion-builder-column-1{width:100% !important;order : 0;}.fusion-builder-column-1 > .fusion-column-wrapper {margin-right : 1.92%;margin-left : 1.92%;}}<\/style><\/div><\/div><style type=\"text\/css\">.fusion-body .fusion-flex-container.fusion-builder-row-1{ padding-top : 0px;margin-top : 0px;padding-right : 0px;padding-bottom : 0px;margin-bottom : 0px;padding-left : 0px;}<\/style><\/div>\n","protected":false},"excerpt":{"rendered":"","protected":false},"author":1,"featured_media":0,"parent":1788,"menu_order":0,"comment_status":"closed","ping_status":"closed","template":"","meta":{"content-type":"","footnotes":""},"class_list":["post-1893","page","type-page","status-publish","hentry"],"_links":{"self":[{"href":"https:\/\/siteok.edicic.org\/pt\/wp-json\/wp\/v2\/pages\/1893","targetHints":{"allow":["GET"]}}],"collection":[{"href":"https:\/\/siteok.edicic.org\/pt\/wp-json\/wp\/v2\/pages"}],"about":[{"href":"https:\/\/siteok.edicic.org\/pt\/wp-json\/wp\/v2\/types\/page"}],"author":[{"embeddable":true,"href":"https:\/\/siteok.edicic.org\/pt\/wp-json\/wp\/v2\/users\/1"}],"replies":[{"embeddable":true,"href":"https:\/\/siteok.edicic.org\/pt\/wp-json\/wp\/v2\/comments?post=1893"}],"version-history":[{"count":15,"href":"https:\/\/siteok.edicic.org\/pt\/wp-json\/wp\/v2\/pages\/1893\/revisions"}],"predecessor-version":[{"id":2762,"href":"https:\/\/siteok.edicic.org\/pt\/wp-json\/wp\/v2\/pages\/1893\/revisions\/2762"}],"up":[{"embeddable":true,"href":"https:\/\/siteok.edicic.org\/pt\/wp-json\/wp\/v2\/pages\/1788"}],"wp:attachment":[{"href":"https:\/\/siteok.edicic.org\/pt\/wp-json\/wp\/v2\/media?parent=1893"}],"curies":[{"name":"wp","href":"https:\/\/api.w.org\/{rel}","templated":true}]}}