{"id":1895,"date":"2022-01-08T00:13:59","date_gmt":"2022-01-07T23:13:59","guid":{"rendered":"https:\/\/siteok.edicic.org\/pt\/?page_id=1895"},"modified":"2022-02-28T08:59:40","modified_gmt":"2022-02-28T11:59:40","slug":"encontros-edicic-iberico","status":"publish","type":"page","link":"https:\/\/siteok.edicic.org\/pt\/eventos\/encontros-edicic-iberico\/","title":{"rendered":"Encontros EDICIC Ib\u00e9rico"},"content":{"rendered":"<div class=\"fusion-fullwidth fullwidth-box fusion-builder-row-1 fusion-flex-container nonhundred-percent-fullwidth non-hundred-percent-height-scrolling\" style=\"background-color: rgba(255,255,255,0);background-position: center center;background-repeat: no-repeat;border-width: 0px 0px 0px 0px;border-color:#e7e4e2;border-style:solid;\" ><div class=\"fusion-builder-row fusion-row fusion-flex-align-items-flex-start\" style=\"max-width:1331.2px;margin-left: calc(-4% \/ 2 );margin-right: calc(-4% \/ 2 );\"><div class=\"fusion-layout-column fusion_builder_column fusion-builder-column-0 fusion_builder_column_2_3 2_3 fusion-flex-column\"><div class=\"fusion-column-wrapper fusion-flex-justify-content-flex-start fusion-content-layout-column\" style=\"background-position:left top;background-repeat:no-repeat;-webkit-background-size:cover;-moz-background-size:cover;-o-background-size:cover;background-size:cover;padding: 0px 0px 0px 0px;\"><style type=\"text\/css\">@media only screen and (max-width:1024px) {.fusion-title.fusion-title-1{margin-top:10px!important; margin-right:0px!important;margin-bottom:20px!important;margin-left:0px!important;}}@media only screen and (max-width:640px) {.fusion-title.fusion-title-1{margin-top:10px!important; margin-right:0px!important;margin-bottom:20px!important; margin-left:0px!important;}}<\/style><div class=\"fusion-title title fusion-title-1 fusion-sep-none fusion-title-text fusion-title-size-one\" style=\"margin-top:10px;margin-right:0px;margin-bottom:20px;margin-left:0px;\"><h1 class=\"title-heading-left fusion-responsive-typography-calculated\" style=\"margin:0;--fontSize:55;line-height:1.15;\">Encuentros EDICIC Ib\u00e9rico<\/h1><\/div><div class=\"fusion-separator fusion-full-width-sep\" style=\"align-self: center;margin-left: auto;margin-right: auto;width:100%;\"><\/div><div class=\"fusion-text fusion-text-1\"><h3 class=\"fusion-responsive-typography-calculated\" style=\"--fontsize: 24; line-height: 1.4;\" data-fontsize=\"24\" data-lineheight=\"33.6px\"><span class=\"palette-color2-2\">IX Encuentro EDICIC Ib\u00e9rico &#8211; 2019 &#8211; Barcelona &#8211; Espa\u00f1a<\/span><\/h3>\n<p><span class=\"palette-color2-2\">09 al 11 de julio de 2019 &#8211; Universitat de Barcelona (UB)<\/span><\/p>\n<ul>\n<li><span class=\"palette-color2-2\"><a class=\" link\" href=\"https:\/\/fima.ub.edu\/edicic2019\/catalogo\" target=\"_blank\" rel=\"noopener\">Actas del X Encuentro<\/a><\/span><\/li>\n<li><span class=\"palette-color2-2\"><a class=\" link\" href=\"https:\/\/fima.ub.edu\/edicic2019\/pt\/programa\" target=\"_blank\" rel=\"noopener\">Programaci\u00f3n<\/a><\/span><\/li>\n<li><span class=\"palette-color2-2\"><a class=\" link\" href=\"https:\/\/plataforma9.com\/congressos\/ix-encontro-iberico-edicic-2019\" target=\"_blank\" rel=\"noopener\">Sitio Web del Encuentro<\/a><\/span><span class=\"palette-color2-2\"><br \/>\n<\/span><\/li>\n<\/ul>\n<h3 class=\"fusion-responsive-typography-calculated\" style=\"--fontsize: 24; line-height: 1.4;\" data-fontsize=\"24\" data-lineheight=\"33.6px\"><span class=\"palette-color2-2\">VIII Encontro EDICIC Ib\u00e9rico &#8211; 2017 &#8211; Coimbra &#8211; Portugal<\/span><\/h3>\n<p><span class=\"palette-color2-2\">20 al 22 de noviembre de 2017 &#8211; Universidade de Coimbra (UC)<\/span><\/p>\n<ul>\n<li><span class=\"palette-color2-2\"><a class=\" link\" href=\"http:\/\/sci.uc.pt\/eventos\/atas\/edicic2017.pdf\" target=\"_blank\" rel=\"noopener\">Actas del VIII Encuentro<\/a><\/span><\/li>\n<li><a class=\" link\" href=\"http:\/\/sci.uc.pt\/eventos\/index.php\/EDICIC\/2017\/index\" target=\"_blank\" rel=\"noopener\">Sitio Web del Encuentro<\/a><\/li>\n<\/ul>\n<h3 class=\"fusion-responsive-typography-calculated\" style=\"--fontsize: 24; line-height: 1.4;\" data-fontsize=\"24\" data-lineheight=\"33.6px\"><strong>VII EDICIC Ib\u00e9rico &#8211; 2015 &#8211; Madrid &#8211; Espa\u00f1a<\/strong><\/h3>\n<p>16 y 17 de noviembre de 2015 &#8211; Universidad Complutense de Madrid (UCM)<\/p>\n<ul>\n<li><a href=\"https:\/\/plataforma9.com\/congresso\/vii-encontro-iberico-edicic-2015-na-universidad-complutense-de-madrid\" target=\"_blank\" rel=\"noopener noreferrer\">Sitio Web del Encuentro<\/a><\/li>\n<li><strong>Nota: Los trabajos presentados fueron publicados en formato digital.<\/strong><\/li>\n<\/ul>\n<h3 class=\"fusion-responsive-typography-calculated\" style=\"--fontsize: 24; line-height: 1.4;\" data-fontsize=\"24\" data-lineheight=\"33.6px\"><strong><span class=\"palette-color2-2\">VI EDICIC Ib\u00e9rico &#8211; 2013 &#8211; Porto &#8211; Portugal<\/span><\/strong><\/h3>\n<p>4 al 6 de noviembre de 2013 &#8211; Universidade do Porto (UPorto)<\/p>\n<ul>\n<li><a class=\"style1 link\" href=\"https:\/\/ocs.letras.up.pt\/index.php\/EDICIC\/edicic2013\/index\" target=\"_blank\" rel=\"noopener\">Sitio Web del Encuentro<\/a><\/li>\n<li><strong>Nota: Los trabajos presentados fueron publicados en formato digital.<\/strong><\/li>\n<\/ul>\n<h3 class=\"fusion-responsive-typography-calculated\" style=\"--fontsize: 24; line-height: 1.4;\" data-fontsize=\"24\" data-lineheight=\"33.6px\"><strong><span class=\"palette-color2-2\">V EDICIC Ib\u00e9rico &#8211; 2011 &#8211; Badajoz &#8211; Extremadura &#8211; Espa\u00f1a<\/span><\/strong><\/h3>\n<p>17 al 19 de noviembro de 2011 &#8211; Universidad de Extremadura (UEX)<\/p>\n<ul>\n<li><a href=\"https:\/\/www.eweb.unex.es\/eweb\/edicic2011\/\" target=\"_blank\" rel=\"noopener noreferrer\">Sitio Web del Encuentro<\/a><\/li>\n<li><strong><span class=\"palette-color2-2\"><a href=\"https:\/\/siteok.edicic.org\/wp-content\/uploads\/2022\/02\/V_EDICIC_Iberico_Programacion.pdf\" target=\"_blank\" rel=\"noopener noreferrer\">Informaciones<\/a><\/span><\/strong><\/li>\n<li><strong>Nota: Los trabajos presentados fueron publicados en formato impreso.<\/strong><\/li>\n<\/ul>\n<h3 class=\"fusion-responsive-typography-calculated\" style=\"--fontsize: 24; line-height: 1.4;\" data-fontsize=\"24\" data-lineheight=\"33.6px\"><strong>IV EDIBCIC Ib\u00e9rico &#8211; 2009 &#8211; Coimbra &#8211; Portugal<\/strong><\/h3>\n<p>18 al 20 de noviembre de 2009 &#8211; Universidade de Coimbra (UC)<\/p>\n<ul>\n<li><span class=\"palette-color2-1\"><a href=\"https:\/\/www.uc.pt\/fluc\/iciab\" target=\"_blank\" rel=\"noopener noreferrer\">Sitio Web del Encuentro<\/a><\/span><\/li>\n<li><a href=\"https:\/\/siteok.edicic.org\/2022\/02\/09\/iv-edibcic-iberico-2009\/\" target=\"_blank\" rel=\"noopener noreferrer\">Informaciones<\/a><\/li>\n<li><strong>Nota: Los trabajos presentados fueron publicados en formato impreso.<\/strong><\/li>\n<\/ul>\n<h3 class=\"fusion-responsive-typography-calculated\" style=\"--fontsize: 24; line-height: 1.4;\" data-fontsize=\"24\" data-lineheight=\"33.6px\"><strong><span class=\"palette-color2-2\">III EDIBCIC Ib\u00e9rico &#8211; 2008 &#8211; Salamanca &#8211; Espa\u00f1a<\/span><\/strong><\/h3>\n<p>05 al 07 de mayo de 2008 &#8211; Universidad de Salamanca (USAL)<\/p>\n<ul>\n<li>Declaraci\u00f3n Salamanca (<a href=\"https:\/\/siteok.edicic.org\/wp-content\/uploads\/2022\/02\/IIIEncuentro_Iberico_Declaracion_Salamanca.pdf\" target=\"_blank\" rel=\"noopener noreferrer\">Archivo.pdf<\/a>)<\/li>\n<li>\u00cdndice Actas del Encuentro (<a href=\"https:\/\/siteok.edicic.org\/wp-content\/uploads\/2022\/02\/IIIEncuentro_Iberico_Indice_Actas.pdf\" target=\"_blank\" rel=\"noopener noreferrer\">Archivo.pdf<\/a>)<\/li>\n<li><a href=\"https:\/\/siteok.edicic.org\/2022\/02\/09\/iii-edibcic-iberico-2008\/\" target=\"_blank\" rel=\"noopener noreferrer\">Informaciones<\/a><\/li>\n<li><strong>Nota: Los trabajos presentados fueron publicados en formato impreso.<\/strong><\/li>\n<\/ul>\n<\/div><\/div><style type=\"text\/css\">.fusion-body .fusion-builder-column-0{width:66.666666666667% !important;margin-top : 10px;margin-bottom : 10px;}.fusion-builder-column-0 > .fusion-column-wrapper {padding-top : 0px !important;padding-right : 0px !important;margin-right : 2.88%;padding-bottom : 0px !important;padding-left : 0px !important;margin-left : 2.88%;}@media only screen and (max-width:1024px) {.fusion-body .fusion-builder-column-0{width:100% !important;order : 0;}.fusion-builder-column-0 > .fusion-column-wrapper {margin-right : 1.92%;margin-left : 1.92%;}}@media only screen and (max-width:640px) {.fusion-body .fusion-builder-column-0{width:100% !important;order : 0;}.fusion-builder-column-0 > .fusion-column-wrapper {margin-right : 1.92%;margin-left : 1.92%;}}<\/style><\/div><div class=\"fusion-layout-column fusion_builder_column fusion-builder-column-1 fusion_builder_column_1_3 1_3 fusion-flex-column\"><div class=\"fusion-column-wrapper fusion-flex-justify-content-flex-start fusion-content-layout-column\" style=\"background-position:left top;background-repeat:no-repeat;-webkit-background-size:cover;-moz-background-size:cover;-o-background-size:cover;background-size:cover;padding: 0px 0px 0px 0px;\"><div class=\"fusion-widget-area fusion-widget-area-1 fusion-content-widget-area\"><style type=\"text\/css\">.fusion-widget-area-1 {padding:0px 0px 0px 0px;}.fusion-widget-area-1 .widget h4 {color:#333c4e;}.fusion-widget-area-1 .widget .heading h4 {color:#333c4e;}.fusion-widget-area-1 .widget h4 {font-size:18px;}.fusion-widget-area-1 .widget .heading h4 {font-size:18px;}<\/style><section id=\"search-2\" class=\"widget widget_search\">\t\t<form role=\"search\" class=\"searchform fusion-search-form  fusion-search-form-classic\" method=\"get\" action=\"https:\/\/siteok.edicic.org\/pt\/\">\n\t\t\t<div class=\"fusion-search-form-content\">\n\n\t\t\t\t\n\t\t\t\t<div class=\"fusion-search-field search-field\">\n\t\t\t\t\t<label><span class=\"screen-reader-text\">Buscar resultados para:<\/span>\n\t\t\t\t\t\t\t\t\t\t\t\t\t<input type=\"search\" value=\"\" name=\"s\" class=\"s\" placeholder=\"Pesquisar...\" required aria-required=\"true\" aria-label=\"Pesquisar...\"\/>\n\t\t\t\t\t\t\t\t\t\t\t<\/label>\n\t\t\t\t<\/div>\n\t\t\t\t<div class=\"fusion-search-button search-button\">\n\t\t\t\t\t<input type=\"submit\" class=\"fusion-search-submit searchsubmit\" aria-label=\"Pesquisar\" value=\"&#xf002;\" \/>\n\t\t\t\t\t\t\t\t\t<\/div>\n\n\t\t\t\t\n\t\t\t<\/div>\n\n\n\t\t\t\n\t\t<\/form>\n\t\t<\/section><section id=\"pyre_tabs-widget-2\" class=\"widget fusion-tabs-widget\">\t\t<div class=\"fusion-tabs-widget-wrapper fusion-tabs-widget-3 fusion-tabs-classic fusion-tabs-image-default tab-holder\">\n\t\t\t<nav class=\"fusion-tabs-nav\">\n\t\t\t\t<ul class=\"tabset tabs\">\n\n\t\t\t\t\t\t\t\t\t\t\t<li class=\"active\"><a href=\"#\" data-link=\"fusion-tab-popular\">Popular<\/a><\/li>\n\t\t\t\t\t\n\t\t\t\t\t\t\t\t\t\t\t<li><a href=\"#\" data-link=\"fusion-tab-recent\">Recent<\/a><\/li>\n\t\t\t\t\t\n\t\t\t\t\t\t\t\t\t\t\t<li><a href=\"#\" data-link=\"fusion-tab-comments\"><span class=\"awb-icon-bubbles\"><\/span><span class=\"screen-reader-text\">Comments<\/span><\/a><\/li>\n\t\t\t\t\t\n\t\t\t\t<\/ul>\n\t\t\t<\/nav>\n\n\t\t\t<div class=\"fusion-tabs-widget-content tab-box tabs-container\">\n\n\t\t\t\t\n\t\t\t\t\t<div class=\"fusion-tab-popular fusion-tab-content tab tab_content\" data-name=\"fusion-tab-popular\">\n\t\t\t\t\t\t\n\t\t\t\t\t\t<ul class=\"fusion-tabs-widget-items news-list\">\n\t\t\t\t\t\t\t\t\t\t\t\t\t\t\t\t\t\t\t\t\t\t\t\t\t\t\t\t\t\t\t\t\t<li>\n\t\t\t\t\t\t\t\t\t\t\t\t\t\t\t\t\t\t\t\t\t<div class=\"image\">\n\t\t\t\t\t\t\t\t\t\t\t\t<a href=\"https:\/\/siteok.edicic.org\/pt\/2021\/12\/11\/ola-mundo\/\" aria-label=\"Nova Diretoria foi eleita para a gest\u00e3o 2021-2023\"><img decoding=\"async\" width=\"66\" height=\"66\" src=\"https:\/\/siteok.edicic.org\/pt\/wp-content\/uploads\/2021\/12\/luisa-brimble-VfHoMBagDPc-unsplash-66x66.jpg\" class=\"attachment-recent-works-thumbnail size-recent-works-thumbnail lazyload wp-post-image\" alt=\"\" srcset=\"data:image\/svg+xml,%3Csvg%20xmlns%3D%27http%3A%2F%2Fwww.w3.org%2F2000%2Fsvg%27%20width%3D%272560%27%20height%3D%271707%27%20viewBox%3D%270%200%202560%201707%27%3E%3Crect%20width%3D%272560%27%20height%3D%271707%27%20fill-opacity%3D%220%22%2F%3E%3C%2Fsvg%3E\" data-orig-src=\"https:\/\/siteok.edicic.org\/pt\/wp-content\/uploads\/2021\/12\/luisa-brimble-VfHoMBagDPc-unsplash-66x66.jpg\" data-srcset=\"https:\/\/siteok.edicic.org\/pt\/wp-content\/uploads\/2021\/12\/luisa-brimble-VfHoMBagDPc-unsplash-66x66.jpg 66w, https:\/\/siteok.edicic.org\/pt\/wp-content\/uploads\/2021\/12\/luisa-brimble-VfHoMBagDPc-unsplash-150x150.jpg 150w\" data-sizes=\"auto\" \/><\/a>\n\t\t\t\t\t\t\t\t\t\t\t<\/div>\n\t\t\t\t\t\t\t\t\t\t\n\t\t\t\t\t\t\t\t\t\t<div class=\"post-holder\">\n\t\t\t\t\t\t\t\t\t\t\t<a href=\"https:\/\/siteok.edicic.org\/pt\/2021\/12\/11\/ola-mundo\/\">Nova Diretoria foi eleita para a gest\u00e3o 2021-2023<\/a>\n\t\t\t\t\t\t\t\t\t\t\t<div class=\"fusion-meta\">\n\t\t\t\t\t\t\t\t\t\t\t\tdezembro 11th, 2021\t\t\t\t\t\t\t\t\t\t\t<\/div>\n\t\t\t\t\t\t\t\t\t\t<\/div>\n\t\t\t\t\t\t\t\t\t<\/li>\n\t\t\t\t\t\t\t\t\t\t\t\t\t\t\t\t\t\t\t\t\t\t\t\t\t\t<li>\n\t\t\t\t\t\t\t\t\t\t\n\t\t\t\t\t\t\t\t\t\t<div class=\"post-holder\">\n\t\t\t\t\t\t\t\t\t\t\t<a href=\"https:\/\/siteok.edicic.org\/pt\/2020\/02\/09\/vii-edibcic-2006\/\">VII EDIBCIC \/ 2006<\/a>\n\t\t\t\t\t\t\t\t\t\t\t<div class=\"fusion-meta\">\n\t\t\t\t\t\t\t\t\t\t\t\tfevereiro 9th, 2020\t\t\t\t\t\t\t\t\t\t\t<\/div>\n\t\t\t\t\t\t\t\t\t\t<\/div>\n\t\t\t\t\t\t\t\t\t<\/li>\n\t\t\t\t\t\t\t\t\t\t\t\t\t\t\t\t\t\t\t\t\t\t\t\t\t\t<li>\n\t\t\t\t\t\t\t\t\t\t\n\t\t\t\t\t\t\t\t\t\t<div class=\"post-holder\">\n\t\t\t\t\t\t\t\t\t\t\t<a href=\"https:\/\/siteok.edicic.org\/pt\/2020\/02\/09\/viii-edibcic-2008\/\">VIII EDIBCIC \/ 2008<\/a>\n\t\t\t\t\t\t\t\t\t\t\t<div class=\"fusion-meta\">\n\t\t\t\t\t\t\t\t\t\t\t\tfevereiro 9th, 2020\t\t\t\t\t\t\t\t\t\t\t<\/div>\n\t\t\t\t\t\t\t\t\t\t<\/div>\n\t\t\t\t\t\t\t\t\t<\/li>\n\t\t\t\t\t\t\t\t\n\t\t\t\t\t\t\t\t\t\t\t\t\t\t\t\t\t\t\t\t\t<\/ul>\n\t\t\t\t\t<\/div>\n\n\t\t\t\t\n\t\t\t\t\n\t\t\t\t\t<div class=\"fusion-tab-recent fusion-tab-content tab tab_content\" data-name=\"fusion-tab-recent\" style=\"display: none;\">\n\n\t\t\t\t\t\t\n\t\t\t\t\t\t<ul class=\"fusion-tabs-widget-items news-list\">\n\t\t\t\t\t\t\t\t\t\t\t\t\t\t\t\t\t\t\t\t\t\t\t\t\t\t\t\t\t\t\t\t\t<li>\n\t\t\t\t\t\t\t\t\t\t\t\t\t\t\t\t\t\t\t\t\t<div class=\"image\">\n\t\t\t\t\t\t\t\t\t\t\t\t<a href=\"https:\/\/siteok.edicic.org\/pt\/2022\/02\/13\/conferencia-elsa-barber\/\" aria-label=\"Confer\u00eancia \u2013 Elsa Barber\"><img decoding=\"async\" width=\"66\" height=\"66\" src=\"https:\/\/siteok.edicic.org\/pt\/wp-content\/uploads\/2022\/02\/Palestra_EDICIC_Abril_2022-66x66.png\" class=\"attachment-recent-works-thumbnail size-recent-works-thumbnail lazyload wp-post-image\" alt=\"\" srcset=\"data:image\/svg+xml,%3Csvg%20xmlns%3D%27http%3A%2F%2Fwww.w3.org%2F2000%2Fsvg%27%20width%3D%271080%27%20height%3D%271080%27%20viewBox%3D%270%200%201080%201080%27%3E%3Crect%20width%3D%271080%27%20height%3D%271080%27%20fill-opacity%3D%220%22%2F%3E%3C%2Fsvg%3E\" data-orig-src=\"https:\/\/siteok.edicic.org\/pt\/wp-content\/uploads\/2022\/02\/Palestra_EDICIC_Abril_2022-66x66.png\" data-srcset=\"https:\/\/siteok.edicic.org\/pt\/wp-content\/uploads\/2022\/02\/Palestra_EDICIC_Abril_2022-66x66.png 66w, https:\/\/siteok.edicic.org\/pt\/wp-content\/uploads\/2022\/02\/Palestra_EDICIC_Abril_2022-150x150.png 150w, https:\/\/siteok.edicic.org\/pt\/wp-content\/uploads\/2022\/02\/Palestra_EDICIC_Abril_2022-200x200.png 200w, https:\/\/siteok.edicic.org\/pt\/wp-content\/uploads\/2022\/02\/Palestra_EDICIC_Abril_2022-300x300.png 300w, https:\/\/siteok.edicic.org\/pt\/wp-content\/uploads\/2022\/02\/Palestra_EDICIC_Abril_2022-400x400.png 400w, https:\/\/siteok.edicic.org\/pt\/wp-content\/uploads\/2022\/02\/Palestra_EDICIC_Abril_2022-600x600.png 600w, https:\/\/siteok.edicic.org\/pt\/wp-content\/uploads\/2022\/02\/Palestra_EDICIC_Abril_2022-768x768.png 768w, https:\/\/siteok.edicic.org\/pt\/wp-content\/uploads\/2022\/02\/Palestra_EDICIC_Abril_2022-800x800.png 800w, https:\/\/siteok.edicic.org\/pt\/wp-content\/uploads\/2022\/02\/Palestra_EDICIC_Abril_2022-1024x1024.png 1024w, https:\/\/siteok.edicic.org\/pt\/wp-content\/uploads\/2022\/02\/Palestra_EDICIC_Abril_2022.png 1080w\" data-sizes=\"auto\" \/><\/a>\n\t\t\t\t\t\t\t\t\t\t\t<\/div>\n\t\t\t\t\t\t\t\t\t\t\t\t\t\t\t\t\t\t\t\t<div class=\"post-holder\">\n\t\t\t\t\t\t\t\t\t\t\t<a href=\"https:\/\/siteok.edicic.org\/pt\/2022\/02\/13\/conferencia-elsa-barber\/\">Confer\u00eancia \u2013 Elsa Barber<\/a>\n\t\t\t\t\t\t\t\t\t\t\t<div class=\"fusion-meta\">\n\t\t\t\t\t\t\t\t\t\t\t\tfevereiro 13th, 2022\t\t\t\t\t\t\t\t\t\t\t<\/div>\n\t\t\t\t\t\t\t\t\t\t<\/div>\n\t\t\t\t\t\t\t\t\t<\/li>\n\t\t\t\t\t\t\t\t\t\t\t\t\t\t\t\t\t\t\t\t\t\t\t\t\t\t<li>\n\t\t\t\t\t\t\t\t\t\t\t\t\t\t\t\t\t\t\t\t\t<div class=\"image\">\n\t\t\t\t\t\t\t\t\t\t\t\t<a href=\"https:\/\/siteok.edicic.org\/pt\/2022\/01\/30\/llamada-no-01-2022\/\" aria-label=\"Chamada n\u00ba 01\/2022\"><img decoding=\"async\" width=\"66\" height=\"66\" src=\"https:\/\/siteok.edicic.org\/pt\/wp-content\/uploads\/2022\/01\/Screen-Shot-2022-01-30-at-13.02.13-66x66.png\" class=\"attachment-recent-works-thumbnail size-recent-works-thumbnail lazyload wp-post-image\" alt=\"\" srcset=\"data:image\/svg+xml,%3Csvg%20xmlns%3D%27http%3A%2F%2Fwww.w3.org%2F2000%2Fsvg%27%20width%3D%27940%27%20height%3D%27563%27%20viewBox%3D%270%200%20940%20563%27%3E%3Crect%20width%3D%27940%27%20height%3D%27563%27%20fill-opacity%3D%220%22%2F%3E%3C%2Fsvg%3E\" data-orig-src=\"https:\/\/siteok.edicic.org\/pt\/wp-content\/uploads\/2022\/01\/Screen-Shot-2022-01-30-at-13.02.13-66x66.png\" data-srcset=\"https:\/\/siteok.edicic.org\/pt\/wp-content\/uploads\/2022\/01\/Screen-Shot-2022-01-30-at-13.02.13-66x66.png 66w, https:\/\/siteok.edicic.org\/pt\/wp-content\/uploads\/2022\/01\/Screen-Shot-2022-01-30-at-13.02.13-150x150.png 150w\" data-sizes=\"auto\" \/><\/a>\n\t\t\t\t\t\t\t\t\t\t\t<\/div>\n\t\t\t\t\t\t\t\t\t\t\t\t\t\t\t\t\t\t\t\t<div class=\"post-holder\">\n\t\t\t\t\t\t\t\t\t\t\t<a href=\"https:\/\/siteok.edicic.org\/pt\/2022\/01\/30\/llamada-no-01-2022\/\">Chamada n\u00ba 01\/2022<\/a>\n\t\t\t\t\t\t\t\t\t\t\t<div class=\"fusion-meta\">\n\t\t\t\t\t\t\t\t\t\t\t\tjaneiro 30th, 2022\t\t\t\t\t\t\t\t\t\t\t<\/div>\n\t\t\t\t\t\t\t\t\t\t<\/div>\n\t\t\t\t\t\t\t\t\t<\/li>\n\t\t\t\t\t\t\t\t\t\t\t\t\t\t\t\t\t\t\t\t\t\t\t\t\t\t<li>\n\t\t\t\t\t\t\t\t\t\t\t\t\t\t\t\t\t\t\t\t\t<div class=\"image\">\n\t\t\t\t\t\t\t\t\t\t\t\t<a href=\"https:\/\/siteok.edicic.org\/pt\/2021\/12\/16\/conferencia\/\" aria-label=\"Confer\u00eancia &#8211; Brenda Cabral Vargas\"><img decoding=\"async\" width=\"66\" height=\"66\" src=\"https:\/\/siteok.edicic.org\/pt\/wp-content\/uploads\/2021\/12\/Palestra_EDICIC_Janeiro_2023-66x66.png\" class=\"attachment-recent-works-thumbnail size-recent-works-thumbnail lazyload wp-post-image\" alt=\"Conferencia\" srcset=\"data:image\/svg+xml,%3Csvg%20xmlns%3D%27http%3A%2F%2Fwww.w3.org%2F2000%2Fsvg%27%20width%3D%271080%27%20height%3D%271080%27%20viewBox%3D%270%200%201080%201080%27%3E%3Crect%20width%3D%271080%27%20height%3D%271080%27%20fill-opacity%3D%220%22%2F%3E%3C%2Fsvg%3E\" data-orig-src=\"https:\/\/siteok.edicic.org\/pt\/wp-content\/uploads\/2021\/12\/Palestra_EDICIC_Janeiro_2023-66x66.png\" data-srcset=\"https:\/\/siteok.edicic.org\/pt\/wp-content\/uploads\/2021\/12\/Palestra_EDICIC_Janeiro_2023-66x66.png 66w, https:\/\/siteok.edicic.org\/pt\/wp-content\/uploads\/2021\/12\/Palestra_EDICIC_Janeiro_2023-150x150.png 150w, https:\/\/siteok.edicic.org\/pt\/wp-content\/uploads\/2021\/12\/Palestra_EDICIC_Janeiro_2023-200x200.png 200w, https:\/\/siteok.edicic.org\/pt\/wp-content\/uploads\/2021\/12\/Palestra_EDICIC_Janeiro_2023-300x300.png 300w, https:\/\/siteok.edicic.org\/pt\/wp-content\/uploads\/2021\/12\/Palestra_EDICIC_Janeiro_2023-400x400.png 400w, https:\/\/siteok.edicic.org\/pt\/wp-content\/uploads\/2021\/12\/Palestra_EDICIC_Janeiro_2023-600x600.png 600w, https:\/\/siteok.edicic.org\/pt\/wp-content\/uploads\/2021\/12\/Palestra_EDICIC_Janeiro_2023-768x768.png 768w, https:\/\/siteok.edicic.org\/pt\/wp-content\/uploads\/2021\/12\/Palestra_EDICIC_Janeiro_2023-800x800.png 800w, https:\/\/siteok.edicic.org\/pt\/wp-content\/uploads\/2021\/12\/Palestra_EDICIC_Janeiro_2023-1024x1024.png 1024w, https:\/\/siteok.edicic.org\/pt\/wp-content\/uploads\/2021\/12\/Palestra_EDICIC_Janeiro_2023.png 1080w\" data-sizes=\"auto\" \/><\/a>\n\t\t\t\t\t\t\t\t\t\t\t<\/div>\n\t\t\t\t\t\t\t\t\t\t\t\t\t\t\t\t\t\t\t\t<div class=\"post-holder\">\n\t\t\t\t\t\t\t\t\t\t\t<a href=\"https:\/\/siteok.edicic.org\/pt\/2021\/12\/16\/conferencia\/\">Confer\u00eancia &#8211; Brenda Cabral Vargas<\/a>\n\t\t\t\t\t\t\t\t\t\t\t<div class=\"fusion-meta\">\n\t\t\t\t\t\t\t\t\t\t\t\tdezembro 16th, 2021\t\t\t\t\t\t\t\t\t\t\t<\/div>\n\t\t\t\t\t\t\t\t\t\t<\/div>\n\t\t\t\t\t\t\t\t\t<\/li>\n\t\t\t\t\t\t\t\t\t\t\t\t\t\t\t\t\t\t\t\t\t\t\t\t\t\t\t\t\t<\/ul>\n\t\t\t\t\t<\/div>\n\t\t\t\t\n\t\t\t\t\n\t\t\t\t\t<div class=\"fusion-tab-comments tab fusion-tab-content tab_content\" data-name=\"fusion-tab-comments\" style=\"display: none;\">\n\t\t\t\t\t\t<ul class=\"fusion-tabs-widget-items news-list\">\n\t\t\t\t\t\t\t\n\t\t\t\t\t\t\t\t\t\t\t\t\t\t\t\t\t\t\t\t\t\t\t\t<li>\n\t\t\t\t\t\t\t\t\t\t<div class=\"image\">\n\t\t\t\t\t\t\t\t\t\t\t<a><img alt='' src='https:\/\/secure.gravatar.com\/avatar\/8e1606e6fba450a9362af43874c1b2dfad34c782e33d0a51e1b46c18a2a567dd?s=52&#038;d=mm&#038;r=g' srcset='https:\/\/secure.gravatar.com\/avatar\/8e1606e6fba450a9362af43874c1b2dfad34c782e33d0a51e1b46c18a2a567dd?s=104&#038;d=mm&#038;r=g 2x' class='avatar avatar-52 photo' height='52' width='52' \/><\/a>\n\t\t\t\t\t\t\t\t\t\t<\/div>\n\t\t\t\t\t\t\t\t\t\t<div class=\"post-holder\">\n\t\t\t\t\t\t\t\t\t\t\t\t\t\t\t\t\t\t\t\t\t\t<p>Um comentador do WordPress says:<\/p>\n\t\t\t\t\t\t\t\t\t\t\t<div class=\"fusion-meta\">\n\t\t\t\t\t\t\t\t\t\t\t\t\t\t\t\t\t\t\t\t\t\t\t\t<a class=\"comment-text-side\" href=\"https:\/\/siteok.edicic.org\/pt\/2021\/12\/11\/ola-mundo\/#comment-1\" title=\"Um comentador do WordPress on Nova Diretoria foi eleita para a gest\u00e3o 2021-2023\">Ol\u00e1, isto \u00e9 um coment\u00e1rio. Para iniciar a moderar, editar e eliminar&hellip;<\/a>\n\t\t\t\t\t\t\t\t\t\t\t<\/div>\n\t\t\t\t\t\t\t\t\t\t<\/div>\n\t\t\t\t\t\t\t\t\t<\/li>\n\t\t\t\t\t\t\t\t\t\t\t\t\t\t\t\t\t\t\t\t\t<\/ul>\n\t\t\t\t\t<\/div>\n\n\t\t\t\t\t\t\t<\/div>\n\t\t<\/div>\n\t\t<\/section><style type=\"text\/css\" data-id=\"tweets-widget-2\">#tweets-widget-2 li { border-color:rgba(255,255,255,0);}<\/style><section id=\"tweets-widget-2\" class=\"widget tweets\" style=\"border-style: solid;border-color: rgba(255,255,255,0);border-color:transparent;border-width:0px;\"><div class=\"heading\"><h4 class=\"widget-title\">Recent Tweets<\/h4><\/div>\t\t\t\t\n\t\t<div style=\"overflow:hidden\">\n\t\t\t\t\t\t\t\t\t\t\t<a class=\"twitter-timeline\" data-dnt=\"true\" href=\"https:\/\/twitter.com\/EDICIC_OFICIAL\" data-tweet-limit=\"3\" data-width=\"\" data-height=\"\" width=\"\" height=\"\" data-theme=\"light\" data-link-color=\"#ef9a3d\" data-border-color=\"rgba(255,255,255,0)\" data-chrome=\"noheader nofooter noborders\">Tweets by EDICIC_OFICIAL<\/a>\n\t\t\t\t\t\t\t\n\t\t\t\t\t\t\t\t\t\t\t<script async src=\"\/\/platform.twitter.com\/widgets.js\" charset=\"utf-8\"><\/script>\n\t\t\t\t\t\t\t\n\t\t<\/div>\n\t\t<\/section><div class=\"fusion-additional-widget-content\"><\/div><\/div><\/div><style type=\"text\/css\">.fusion-body .fusion-builder-column-1{width:33.333333333333% !important;margin-top : 10px;margin-bottom : 10px;}.fusion-builder-column-1 > .fusion-column-wrapper {padding-top : 0px !important;padding-right : 0px !important;margin-right : 5.76%;padding-bottom : 0px !important;padding-left : 0px !important;margin-left : 5.76%;}@media only screen and (max-width:1024px) {.fusion-body .fusion-builder-column-1{width:100% !important;order : 0;}.fusion-builder-column-1 > .fusion-column-wrapper {margin-right : 1.92%;margin-left : 1.92%;}}@media only screen and (max-width:640px) {.fusion-body .fusion-builder-column-1{width:100% !important;order : 0;}.fusion-builder-column-1 > .fusion-column-wrapper {margin-right : 1.92%;margin-left : 1.92%;}}<\/style><\/div><\/div><style type=\"text\/css\">.fusion-fullwidth.fusion-builder-row-1 a:not(.awb-custom-text-color):not(.fusion-button):not(.fusion-builder-module-control):not(.fusion-social-network-icon):not(.fb-icon-element):not(.fusion-countdown-link):not(.fusion-rollover-link):not(.fusion-rollover-gallery):not(.fusion-button-bar):not(.add_to_cart_button):not(.show_details_button):not(.product_type_external):not(.fusion-view-cart):not(.fusion-quick-view):not(.fusion-rollover-title-link):not(.fusion-breadcrumb-link) , .fusion-fullwidth.fusion-builder-row-1 a:not(.awb-custom-text-color):not(.fusion-button):not(.fusion-builder-module-control):not(.fusion-social-network-icon):not(.fb-icon-element):not(.fusion-countdown-link):not(.fusion-rollover-link):not(.fusion-rollover-gallery):not(.fusion-button-bar):not(.add_to_cart_button):not(.show_details_button):not(.product_type_external):not(.fusion-view-cart):not(.fusion-quick-view):not(.fusion-rollover-title-link):not(.fusion-breadcrumb-link):before, .fusion-fullwidth.fusion-builder-row-1 a:not(.awb-custom-text-color):not(.fusion-button):not(.fusion-builder-module-control):not(.fusion-social-network-icon):not(.fb-icon-element):not(.fusion-countdown-link):not(.fusion-rollover-link):not(.fusion-rollover-gallery):not(.fusion-button-bar):not(.add_to_cart_button):not(.show_details_button):not(.product_type_external):not(.fusion-view-cart):not(.fusion-quick-view):not(.fusion-rollover-title-link):not(.fusion-breadcrumb-link):after {color: #ffc107;}.fusion-fullwidth.fusion-builder-row-1 a:not(.awb-custom-text-hover-color):not(.fusion-button):not(.fusion-builder-module-control):not(.fusion-social-network-icon):not(.fb-icon-element):not(.fusion-countdown-link):not(.fusion-rollover-link):not(.fusion-rollover-gallery):not(.fusion-button-bar):not(.add_to_cart_button):not(.show_details_button):not(.product_type_external):not(.fusion-view-cart):not(.fusion-quick-view):not(.fusion-rollover-title-link):not(.fusion-breadcrumb-link):hover, .fusion-fullwidth.fusion-builder-row-1 a:not(.awb-custom-text-hover-color):not(.fusion-button):not(.fusion-builder-module-control):not(.fusion-social-network-icon):not(.fb-icon-element):not(.fusion-countdown-link):not(.fusion-rollover-link):not(.fusion-rollover-gallery):not(.fusion-button-bar):not(.add_to_cart_button):not(.show_details_button):not(.product_type_external):not(.fusion-view-cart):not(.fusion-quick-view):not(.fusion-rollover-title-link):not(.fusion-breadcrumb-link):hover:before, .fusion-fullwidth.fusion-builder-row-1 a:not(.awb-custom-text-hover-color):not(.fusion-button):not(.fusion-builder-module-control):not(.fusion-social-network-icon):not(.fb-icon-element):not(.fusion-countdown-link):not(.fusion-rollover-link):not(.fusion-rollover-gallery):not(.fusion-button-bar):not(.add_to_cart_button):not(.show_details_button):not(.product_type_external):not(.fusion-view-cart):not(.fusion-quick-view):not(.fusion-rollover-title-link):not(.fusion-breadcrumb-link):hover:after {color: #ffc107;}.fusion-fullwidth.fusion-builder-row-1 .pagination a.inactive:hover, .fusion-fullwidth.fusion-builder-row-1 .fusion-filters .fusion-filter.fusion-active a {border-color: #ffc107;}.fusion-fullwidth.fusion-builder-row-1 .pagination .current {border-color: #ffc107; background-color: #ffc107;}.fusion-fullwidth.fusion-builder-row-1 .fusion-filters .fusion-filter.fusion-active a, .fusion-fullwidth.fusion-builder-row-1 .fusion-date-and-formats .fusion-format-box, .fusion-fullwidth.fusion-builder-row-1 .fusion-popover, .fusion-fullwidth.fusion-builder-row-1 .tooltip-shortcode {color: #ffc107;}#wrapper .fusion-fullwidth.fusion-builder-row-1 .fusion-widget-area .fusion-vertical-menu-widget .menu li.current_page_ancestor > a, #wrapper .fusion-fullwidth.fusion-builder-row-1 .fusion-widget-area .fusion-vertical-menu-widget .menu li.current_page_ancestor > a:before, #wrapper .fusion-fullwidth.fusion-builder-row-1 .fusion-widget-area .fusion-vertical-menu-widget .current-menu-item > a, #wrapper .fusion-fullwidth.fusion-builder-row-1 .fusion-widget-area .fusion-vertical-menu-widget .current-menu-item > a:before, #wrapper .fusion-fullwidth.fusion-builder-row-1 .fusion-widget-area .fusion-vertical-menu-widget .current_page_item > a, #wrapper .fusion-fullwidth.fusion-builder-row-1 .fusion-widget-area .fusion-vertical-menu-widget .current_page_item > a:before {color: #ffc107;}#wrapper .fusion-fullwidth.fusion-builder-row-1 .fusion-widget-area .widget_nav_menu .menu li.current_page_ancestor > a, #wrapper .fusion-fullwidth.fusion-builder-row-1 .fusion-widget-area .widget_nav_menu .menu li.current_page_ancestor > a:before, #wrapper .fusion-fullwidth.fusion-builder-row-1 .fusion-widget-area .widget_nav_menu .current-menu-item > a, #wrapper .fusion-fullwidth.fusion-builder-row-1 .fusion-widget-area .widget_nav_menu .current-menu-item > a:before, #wrapper .fusion-fullwidth.fusion-builder-row-1 .fusion-widget-area .widget_nav_menu .current_page_item > a, #wrapper .fusion-fullwidth.fusion-builder-row-1 .fusion-widget-area .widget_nav_menu .current_page_item > a:before {color: #ffc107;}#wrapper .fusion-fullwidth.fusion-builder-row-1 .fusion-vertical-menu-widget .menu li.current_page_item > a { border-right-color:#ffc107;border-left-color:#ffc107;}#wrapper .fusion-fullwidth.fusion-builder-row-1 .fusion-widget-area .tagcloud a:hover { color: #fff; background-color: #ffc107;border-color: #ffc107;}#main .fusion-fullwidth.fusion-builder-row-1 .post .blog-shortcode-post-title a:hover {color: #ffc107;}.fusion-body .fusion-flex-container.fusion-builder-row-1{ padding-top : 0px;margin-top : 0px;padding-right : 0px;padding-bottom : 0px;margin-bottom : 0px;padding-left : 0px;}<\/style><\/div>\n","protected":false},"excerpt":{"rendered":"","protected":false},"author":1,"featured_media":0,"parent":1788,"menu_order":0,"comment_status":"closed","ping_status":"closed","template":"","meta":{"content-type":"","footnotes":""},"class_list":["post-1895","page","type-page","status-publish","hentry"],"_links":{"self":[{"href":"https:\/\/siteok.edicic.org\/pt\/wp-json\/wp\/v2\/pages\/1895","targetHints":{"allow":["GET"]}}],"collection":[{"href":"https:\/\/siteok.edicic.org\/pt\/wp-json\/wp\/v2\/pages"}],"about":[{"href":"https:\/\/siteok.edicic.org\/pt\/wp-json\/wp\/v2\/types\/page"}],"author":[{"embeddable":true,"href":"https:\/\/siteok.edicic.org\/pt\/wp-json\/wp\/v2\/users\/1"}],"replies":[{"embeddable":true,"href":"https:\/\/siteok.edicic.org\/pt\/wp-json\/wp\/v2\/comments?post=1895"}],"version-history":[{"count":9,"href":"https:\/\/siteok.edicic.org\/pt\/wp-json\/wp\/v2\/pages\/1895\/revisions"}],"predecessor-version":[{"id":2639,"href":"https:\/\/siteok.edicic.org\/pt\/wp-json\/wp\/v2\/pages\/1895\/revisions\/2639"}],"up":[{"embeddable":true,"href":"https:\/\/siteok.edicic.org\/pt\/wp-json\/wp\/v2\/pages\/1788"}],"wp:attachment":[{"href":"https:\/\/siteok.edicic.org\/pt\/wp-json\/wp\/v2\/media?parent=1895"}],"curies":[{"name":"wp","href":"https:\/\/api.w.org\/{rel}","templated":true}]}}